{"id":9425,"date":"2023-05-23T19:42:37","date_gmt":"2023-05-23T16:42:37","guid":{"rendered":"https:\/\/www.xsights.co.uk\/?post_type=works&#038;p=9425"},"modified":"2025-07-01T08:37:57","modified_gmt":"2025-07-01T05:37:57","slug":"insani-yardim-ve-gocmenler","status":"publish","type":"works","link":"https:\/\/www.xsights.co.uk\/tr\/works\/insani-yardim-ve-gocmenler\/","title":{"rendered":"\u0130nsani Yard\u0131m ve G\u00f6\u00e7menler"},"content":{"rendered":"\n<h3 class=\"wp-block-heading\">Ge\u00e7ici Koruma Alt\u0131ndaki Suriyeliler (GKaS\u2019ler) Aras\u0131nda Sa\u011fl\u0131k Hizmetlerinden Memnuniyet<\/h3>\n\n\n\n<p>XSIGHTS, ek sa\u011fl\u0131k hizmetlerinin GKaS\u2019ler \u00fczerindeki etkisini de\u011ferlendirmek i\u00e7in 24 ay boyunca iki dalga halinde toplam 12.800 anket ger\u00e7ekle\u015ftirdi. Kantitatif ara\u015ft\u0131rmalara ek olarak XSIGHTS, AB taraf\u0131ndan finanse edilen sa\u011fl\u0131k tesislerinin ve hizmetlerinin Ge\u00e7ici Koruma Alt\u0131ndaki Ki\u015filer \u00fczerindeki etkisini de\u011ferlendirmek i\u00e7in Gaziantep ve \u0130stanbul\u2019daki Suriyelilerle 12 odak grup g\u00f6r\u00fc\u015fmesi y\u00fcr\u00fctt\u00fc. Daha fazla bilgi i\u00e7in <a href=\"https:\/\/www.xsights.co.uk\/en\/surveys-for-health-care-needs-analysis-of-syrian-population-under-temporary-protection-final-report\/\"><strong>l\u00fctfen buraya t\u0131klay\u0131n.<\/strong><\/a><\/p>\n\n\n\n<h3 class=\"wp-block-heading\">Etnik Az\u0131nl\u0131k \u00c7ocuklar\u0131n \u00c7evreye Kar\u015f\u0131 Tutumlar\u0131<\/h3>\n\n\n\n<p>Londra\u2019da bir milyon T\u00fcrk\u2019\u00fcn ya\u015fad\u0131\u011f\u0131 tahmin edilmektedir. Bu n\u00fcfusun yakla\u015f\u0131k y\u00fczde 60\u2019\u0131 Kuzey Londra\u2019da ya\u015famaktad\u0131r. London Borough of Haringey, kendi hizmet b\u00f6lgesinde ya\u015fayan T\u00fcrklerin \u00e7evre ve geri d\u00f6n\u00fc\u015f\u00fcm gibi konulardaki tutumlar\u0131n\u0131 anlamak i\u00e7in ad\u0131m att\u0131. XSIGHTS taraf\u0131ndan yap\u0131lan ara\u015ft\u0131rma sonucunda, kampanyan\u0131n hedef kitlesinin \u00e7ocuklar olmas\u0131 gerekti\u011fi; \u00e7\u00fcnk\u00fc ebeveynleri \u00fczerinde en \u00f6nemli etkiye sahip ki\u015filer olduklar\u0131 ortaya \u00e7\u0131kt\u0131.<\/p>\n\n\n\n<h3 class=\"wp-block-heading\">Ki\u015fisel Hikayelerle G\u00f6\u00e7 Yolculu\u011fu<\/h3>\n\n\n\n<p>XSIGHTS taraf\u0131ndan y\u00fcr\u00fct\u00fclen bu \u00e7al\u0131\u015fmada T\u00fcrkiye\u2019de kamplar\u0131n d\u0131\u015f\u0131nda ya\u015fayan Suriyelileri anlamak ama\u00e7land\u0131. Sonu\u00e7lar, kamplar\u0131n d\u0131\u015f\u0131nda ya\u015fayan Suriyelilerin y\u00fczde 20\u2019sinin Suriye\u2019de aile ferdi kalmad\u0131\u011f\u0131n\u0131, y\u00fczde 32\u2019sinin ise T\u00fcrkiye d\u0131\u015f\u0131ndaki \u00fclkelerde aile fertlerinin bulundu\u011funu g\u00f6stermi\u015ftir. Daha fazla bilgi i\u00e7in <strong><a href=\"https:\/\/www.xsights.co.uk\/en\/syrians-in-turkey\/\">l\u00fctfen buraya t\u0131klay\u0131n.<\/a><\/strong><\/p>\n\n\n\n<h3 class=\"wp-block-heading\">T\u00fcrkiye\u2019deki M\u00fclteciler ve Yeni Politik D\u00f6nem: Alg\u0131lar, Tutumlar ve Beklentiler<\/h3>\n\n\n\n<p>Baas Rejimi\u2019nin 8 Aral\u0131k 2024\u2019teki \u00e7\u00f6k\u00fc\u015f\u00fcn\u00fcn ard\u0131ndan T\u00fcrkiye\u2019de ya\u015fayan Suriyeli bireylerin alg\u0131 ve tutum de\u011fi\u015fimlerini incelemek amac\u0131yla 21 \u015eubat &#8211; 14 Mart 2025 tarihleri aras\u0131nda, \u0130stanbul, Gaziantep, \u015eanl\u0131urfa, Hatay, Adana, Bursa, Konya, \u0130zmir ve Ankara illerinde, ge\u00e7ici koruma stat\u00fcs\u00fcne sahip ve oturum izni bulunan 18-64 ya\u015f aras\u0131 1000 Suriyeli bireyle y\u00fcz y\u00fcze anket \u00e7al\u0131\u015fmas\u0131 ger\u00e7ekle\u015ftirdik. Ara\u015ft\u0131rmam\u0131z, Suriyelilerin T\u00fcrkiye\u2019deki sosyal uyum s\u00fcre\u00e7leri ve geri d\u00f6n\u00fc\u015f niyetlerine dair \u00f6nemli veriler sunmaktad\u0131r. Daha fazla bilgi i\u00e7in&nbsp;<a href=\"https:\/\/www.xsights.co.uk\/wp-content\/uploads\/2025\/06\/Turkiyedeki-Multeciler-ve-Yeni-Politik-Donem-Rapor_25.06.2025_FINAL.pdf\"><strong>l\u00fctfen buraya t\u0131klay\u0131n<\/strong>.<\/a><\/p>\n","protected":false},"featured_media":12394,"template":"","meta":{"_acf_changed":false},"work-categories":[166],"class_list":["post-9425","works","type-works","status-publish","has-post-thumbnail","hentry","work-categories-kamu-ve-kar-amaci-gutmeyen-kuruluslar"],"acf":[],"_links":{"self":[{"href":"https:\/\/www.xsights.co.uk\/tr\/wp-json\/wp\/v2\/works\/9425","targetHints":{"allow":["GET"]}}],"collection":[{"href":"https:\/\/www.xsights.co.uk\/tr\/wp-json\/wp\/v2\/works"}],"about":[{"href":"https:\/\/www.xsights.co.uk\/tr\/wp-json\/wp\/v2\/types\/works"}],"wp:featuredmedia":[{"embeddable":true,"href":"https:\/\/www.xsights.co.uk\/tr\/wp-json\/wp\/v2\/media\/12394"}],"wp:attachment":[{"href":"https:\/\/www.xsights.co.uk\/tr\/wp-json\/wp\/v2\/media?parent=9425"}],"wp:term":[{"taxonomy":"work-categories","embeddable":true,"href":"https:\/\/www.xsights.co.uk\/tr\/wp-json\/wp\/v2\/work-categories?post=9425"}],"curies":[{"name":"wp","href":"https:\/\/api.w.org\/{rel}","templated":true}]}}